{"id":1194,"date":"2021-01-22T12:18:59","date_gmt":"2021-01-22T12:18:59","guid":{"rendered":"http:\/\/salidecambrils.cat\/allotjaments-rurals-i-fondes\/"},"modified":"2022-06-23T10:53:23","modified_gmt":"2022-06-23T10:53:23","slug":"allotjaments-rurals-i-fondes","status":"publish","type":"page","link":"https:\/\/salidecambrils.cat\/es\/allotjaments-rurals-i-fondes\/","title":{"rendered":"Alojamientos, Fondas y Restaurantes"},"content":{"rendered":"<h5 style=\"text-align: center;\">Muy cerca del Sal\u00ed est\u00e1n disponibles varias opciones para alojarse con todas las comodidades .<\/h5>\n<h5 style=\"text-align: center;\">Nos encontrar\u00e9is en el Solson\u00e8s , tierra de las 1000 \u00bb masies \u00bb , y entre estas casas encontramos una oferta importante de\u00a0alojamientos de turismo rural, llenos de encanto. El paisaje \u00fanico , dise\u00f1ado a base de monta\u00f1as , esconde restaurantes de cocina t\u00edpica y productos de proximidad.Antes o despu\u00e9s de tu visita al Sal\u00ed , podr\u00e1s gozar de una buena comida y un descanso reconfortante.<\/h5>\n<div class=\"section-full-width section-light2\" style=\"background-color:#ffffff;\" id=\"restaurantes\"><div class=\"section-boxed\" style=\"color:#777777;\"><h2 class=\"section-title\" style=\"color:#252525;\">Restaurantes<\/h2><h4 style=\"color:#252525;\" class=\"sub-title\">Planifica tu escapada<\/h4><\/p>\n<p>&nbsp;<\/p>\n<div class=\"services-wrapper services-boxed-photo cols-wrapper cols-3\"><div class=\"services-box col\"><a href=\"https:\/\/gastrobar-la-teuleria.jimdosite.com\"><div class=\"img-container\"><img decoding=\"async\" src=\"http:\/\/salidecambrils.cat\/wp-content\/uploads\/2021\/04\/sali.jpg\" alt=\"Gastrobar la Teuleria\"\/><\/div><\/a><div class=\"services-content\"><div class=\"sc-wraper\"><h3><a href=\"https:\/\/gastrobar-la-teuleria.jimdosite.com\">Gastrobar la Teuleria<\/a><\/h3><p>Gastrobar la Teuleria ubicado dentro del recinto del Sal\u00ed, un lugar donde disfrutar del relax y las buenas vistas, donde podr\u00e1s tomar un caf\u00e9, degustar nuestra cocina saludable con productos de proximidad, escoger una tapa, compartir un plato o probar nuestros dulces o simplemente tomar una copa. Cualquier opci\u00f3n te har\u00e1 sentir bien.<\/p><\/div><\/div><\/div><div class=\"services-box col\"><a href=\"http:\/\/www.fondacasanova.com\/es\/index.php\" target=\"_blank\"><div class=\"img-container\"><img decoding=\"async\" src=\"http:\/\/salidecambrils.cat\/wp-content\/uploads\/2021\/03\/Allotjament_1.png\" alt=\"La Casanova\"\/><\/div><\/a><div class=\"services-content\"><div class=\"sc-wraper\"><h3><a href=\"http:\/\/www.fondacasanova.com\/es\/index.php\" target=\"_blank\">La Casanova<\/a><\/h3><p>Su cocina est\u00e1 especializada en la elaboraci\u00f3n de platos caseros, representativos del lugar como la escudella y cocido, carnes a la brasa, junto con postres t\u00edpicos. Existe la posibilidad de disfrutar de su comedor para todo tipo de celebraciones privadas. Adem\u00e1s cuentan tanto con men\u00fa diario como de fin de semana.<\/p><\/div><\/div><\/div><div class=\"services-box col nomargin\"><a href=\"http:\/\/www.calagusti.net\/\" target=\"_blank\"><div class=\"img-container\"><img decoding=\"async\" src=\"http:\/\/salidecambrils.cat\/wp-content\/uploads\/2021\/03\/Allotjament_5.png\" alt=\"Ca l&#039;Agust\u00ed\"\/><\/div><\/a><div class=\"services-content\"><div class=\"sc-wraper\"><h3><a href=\"http:\/\/www.calagusti.net\/\" target=\"_blank\">Ca l'Agust\u00ed<\/a><\/h3><p>Disponen de un comedor con capacidad para 180 personas, en el que se pueden celebrar todo tipo de eventos. As\u00ed como una terraza en la que se puede disfrutar de cualquiera de las comidas. Ofrecen un men\u00fa diario, de fin de semana, o carta. Con degustaciones de platos t\u00edpicos de la comarca: los conocidos \"trumfos\" (patatas) con piel, patatas rellenas, estofado de jabal\u00ed, estofado de rebeco, carnes a la brasa y gran variedad de postres caseros.<\/p><\/div><\/div><\/div><div class=\"clear\"><\/div><\/div>\n<p>\n<\/div><\/div>\n<div class=\"section-full-width section-light2\" style=\"background-color:#fbfbfb;\" id=\"campings\"><div class=\"section-boxed\" style=\"color:#777777;\"><h2 class=\"section-title\" style=\"color:#252525;\">Campings<\/h2><\/p>\n<p>&nbsp;<\/p>\n<div class=\"services-wrapper services-boxed-photo cols-wrapper cols-3\"><div class=\"services-box col nomargin\"><a href=\"http:\/\/www.campinglacomella.net\/\" target=\"_blank\"><div class=\"img-container\"><img decoding=\"async\" src=\"http:\/\/salidecambrils.cat\/wp-content\/uploads\/2021\/03\/allotjament_camping_2.jpg\" alt=\"Camping La Comella\"\/><\/div><\/a><div class=\"services-content\"><div class=\"sc-wraper\"><h3><a href=\"http:\/\/www.campinglacomella.net\/\" target=\"_blank\">Camping La Comella<\/a><\/h3><p>El Camping La Comella se encuentra situado en el pueblo de Cambrils dels Pirineus al norte de la comarca del Solsones, provincia de Lleida. Ubicado a 1.100 m. de altura. En medio de la naturaleza encontrar\u00e1 tranquilidad lejos de las densificadas y ruidosas ciudades y un trato familiar para disfrutar de una agradable estancia.<\/p><\/div><\/div><\/div><div class=\"clear\"><\/div><\/div>\n<p>\n<\/div><\/div>\n<div class=\"section-full-width section-light2\" style=\"background-color:#ffffff;\" id=\"casasrurales\"><div class=\"section-boxed\" style=\"color:#777777;\"><h2 class=\"section-title\" style=\"color:#252525;\">Casas Rurales<\/h2><\/p>\n<div class=\"services-wrapper services-boxed-photo cols-wrapper cols-3\"><div class=\"services-box col\"><a href=\"https:\/\/www.labordadelsali.com\/\" target=\"_blank\"><div class=\"img-container\"><img decoding=\"async\" src=\"http:\/\/salidecambrils.cat\/wp-content\/uploads\/2021\/03\/Allotjament_6.png\" alt=\"La Borda del Sal\u00ed\"\/><\/div><\/a><div class=\"services-content\"><div class=\"sc-wraper\"><h3><a href=\"https:\/\/www.labordadelsali.com\/\" target=\"_blank\">La Borda del Sal\u00ed<\/a><\/h3><p>Casa totalmente renovada en 2009. Dividida en dos apartamentos independientes: \"El Riu\" y \"Els Horts\" altamente equipados con gran confort. Mucha tranquilidad rodeada de bosques y r\u00edos.<\/p><\/div><\/div><\/div><div class=\"services-box col\"><a href=\"http:\/\/www.caljaumet.com\/\" target=\"_blank\"><div class=\"img-container\"><img decoding=\"async\" src=\"http:\/\/salidecambrils.cat\/wp-content\/uploads\/2021\/03\/Allotjament_4.png\" alt=\"Cal Jaumet\"\/><\/div><\/a><div class=\"services-content\"><div class=\"sc-wraper\"><h3><a href=\"http:\/\/www.caljaumet.com\/\" target=\"_blank\">Cal Jaumet<\/a><\/h3><p>Capacidad para 8 personas y con una superficie de 120 m\u00b2. Totalmente equipada cuenta tambi\u00e9n con piscina y barbacoa.<\/p><\/div><\/div><\/div><div class=\"services-box col nomargin\"><a href=\"http:\/\/www.casa-espunyes.com\/\" target=\"_blank\"><div class=\"img-container\"><img decoding=\"async\" src=\"http:\/\/salidecambrils.cat\/wp-content\/uploads\/2021\/03\/Allotjament_8.png\" alt=\"Casa Espunyes\"\/><\/div><\/a><div class=\"services-content\"><div class=\"sc-wraper\"><h3><a href=\"http:\/\/www.casa-espunyes.com\/\" target=\"_blank\">Casa Espunyes<\/a><\/h3><p>Diferentes alojamientos rurales independientes de hasta 8 personas, situados en un antiguo pajar restaurado. Adem\u00e1s cuentan con barbacoa, terraza, piscina y una amplia zona verde.<\/p><\/div><\/div><\/div><div class=\"services-box col\"><a href=\"https:\/\/elcall.org\/\" target=\"_blank\"><div class=\"img-container\"><img decoding=\"async\" src=\"http:\/\/salidecambrils.cat\/wp-content\/uploads\/2021\/03\/Allotjament_9.jpg\" alt=\"El Call d&#039;Od\u00e8n\"\/><\/div><\/a><div class=\"services-content\"><div class=\"sc-wraper\"><h3><a href=\"https:\/\/elcall.org\/\" target=\"_blank\">El Call d'Od\u00e8n<\/a><\/h3><p>La Casa del Call consta de 3 alojamientos. Se pueden alquilar todos juntos o de manera individual. Tienen capacidad para m\u00e1ximo 6 personas. Constan de sal\u00f3n-comedor con chimenea y televisi\u00f3n, cocina completa, que accede directamente a la terraza con barbacoa y piscina.<\/p><\/div><\/div><\/div><div class=\"services-box col\"><a href=\"http:\/\/www.casaruralcalpastor.com\/\" target=\"_blank\"><div class=\"img-container\"><img decoding=\"async\" src=\"http:\/\/salidecambrils.cat\/wp-content\/uploads\/2021\/03\/Allotjament_3.png\" alt=\"Cal Pastor\"\/><\/div><\/a><div class=\"services-content\"><div class=\"sc-wraper\"><h3><a href=\"http:\/\/www.casaruralcalpastor.com\/\" target=\"_blank\">Cal Pastor<\/a><\/h3><p>Mas\u00eda con dos alojamientos rurales: Llevant (para 6 personas, ampliable a 8) y Ponent (para 6 u 8 personas, ampliable a 10), rodeados por un jard\u00edn con barbacoa y piscina.<\/p><\/div><\/div><\/div><div class=\"services-box col nomargin\"><a href=\"https:\/\/www.google.com\/maps\/place\/Casa+Cavallera\/@42.1133901,1.4912208,15z\/data=!4m2!3m1!1s0x0:0xeff7372309213315?sa=X&#038;ved=2ahUKEwihzbSR2PPuAhU3QkEAHXteALEQ_BIwCnoECBMQBQ\" target=\"_blank\"><div class=\"img-container\"><img decoding=\"async\" src=\"http:\/\/salidecambrils.cat\/wp-content\/uploads\/2021\/03\/Allotjament_2.png\" alt=\"Casa Cavallera\"\/><\/div><\/a><div class=\"services-content\"><div class=\"sc-wraper\"><h3><a href=\"https:\/\/www.google.com\/maps\/place\/Casa+Cavallera\/@42.1133901,1.4912208,15z\/data=!4m2!3m1!1s0x0:0xeff7372309213315?sa=X&#038;ved=2ahUKEwihzbSR2PPuAhU3QkEAHXteALEQ_BIwCnoECBMQBQ\" target=\"_blank\">Casa Cavallera<\/a><\/h3><p>Diferentes alojamientos rurales con una capacidad para 5 personas cada uno de ellos. Adem\u00e1s cuentan con barbacoa, terraza y una amplia zona verde.<\/p><\/div><\/div><\/div><div class=\"services-box col\"><a href=\"https:\/\/www.canaldaagroturisme.com\/\" target=\"_blank\"><div class=\"img-container\"><img decoding=\"async\" src=\"http:\/\/salidecambrils.cat\/wp-content\/uploads\/2021\/03\/Allotjament_10.jpg\" alt=\"Poble Rural Puig Arnau-Pubill\u00f3\"\/><\/div><\/a><div class=\"services-content\"><div class=\"sc-wraper\"><h3><a href=\"https:\/\/www.canaldaagroturisme.com\/\" target=\"_blank\">Poble Rural Puig Arnau-Pubill\u00f3<\/a><\/h3><p>12 alojamientos con encanto. Disfruta de la piscina cubierta climatizada, rutas de senderismo, granja de animales y eco-museo. Ideal para bodas y eventos.<\/p><\/div><\/div><\/div><div class=\"services-box col nomargin\"><div class=\"img-container\"><img decoding=\"async\" src=\"http:\/\/salidecambrils.cat\/wp-content\/uploads\/2021\/03\/allotjament_camping_3.jpg\" alt=\"Cal Mateu \"\/><\/div><div class=\"services-content\"><div class=\"sc-wraper\"><h3>Cal Mateu <\/h3><\/div><\/div><\/div><div class=\"clear\"><\/div><\/div>\n<p>\n<\/div><\/div>\n","protected":false},"excerpt":{"rendered":"<p>Muy cerca del Sal\u00ed est\u00e1n disponibles varias opciones para alojarse con todas las comodidades . Nos encontrar\u00e9is en el Solson\u00e8s [&hellip;]<\/p>\n","protected":false},"author":1,"featured_media":0,"parent":0,"menu_order":0,"comment_status":"open","ping_status":"closed","template":"template-full-custom.php","meta":{"footnotes":""},"class_list":["post-1194","page","type-page","status-publish","hentry"],"yoast_head":"<!-- This site is optimized with the Yoast SEO plugin v16.0 - https:\/\/yoast.com\/wordpress\/plugins\/seo\/ -->\n<title>El Sal\u00ed de Cambrils \u00b7 Alojamientos y Restaurantes muy cerca del Sal\u00ed<\/title>\n<meta name=\"description\" content=\"El Sal\u00ed de Cambrils \u00b7 Alojamientos, Fondas y Restaurantes \u00b7 Muy cerca del Sal\u00ed est\u00e1n disponibles varias opciones para alojarse y comer.\" \/>\n<link rel=\"canonical\" href=\"https:\/\/salidecambrils.cat\/es\/allotjaments-rurals-i-fondes\/\" \/>\n<meta property=\"og:locale\" content=\"es_ES\" \/>\n<meta property=\"og:type\" content=\"article\" \/>\n<meta property=\"og:title\" content=\"El Sal\u00ed de Cambrils \u00b7 Alojamientos y Restaurantes muy cerca del Sal\u00ed\" \/>\n<meta property=\"og:description\" content=\"El Sal\u00ed de Cambrils \u00b7 Alojamientos, Fondas y Restaurantes \u00b7 Muy cerca del Sal\u00ed est\u00e1n disponibles varias opciones para alojarse y comer.\" \/>\n<meta property=\"og:url\" content=\"https:\/\/salidecambrils.cat\/es\/allotjaments-rurals-i-fondes\/\" \/>\n<meta property=\"og:site_name\" content=\"El Sal\u00ed de Cambrils \u00b7 Banya&#039;t amb l&#039;energia dels Pirineus\" \/>\n<meta property=\"article:modified_time\" content=\"2022-06-23T10:53:23+00:00\" \/>\n<meta name=\"twitter:card\" content=\"summary_large_image\" \/>\n<meta name=\"twitter:label1\" content=\"Tiempo de lectura\">\n\t<meta name=\"twitter:data1\" content=\"1 minuto\">\n<script type=\"application\/ld+json\" class=\"yoast-schema-graph\">{\"@context\":\"https:\/\/schema.org\",\"@graph\":[{\"@type\":\"WebSite\",\"@id\":\"http:\/\/salidecambrils.cat\/es\/#website\",\"url\":\"http:\/\/salidecambrils.cat\/es\/\",\"name\":\"El Sal\\u00ed de Cambrils \\u00b7 Banya&#039;t amb l&#039;energia dels Pirineus\",\"description\":\"La teva escapada de cap de setmana perfecte, en fam\\u00edlia, amb amics o en parella.\",\"potentialAction\":[{\"@type\":\"SearchAction\",\"target\":\"http:\/\/salidecambrils.cat\/es\/?s={search_term_string}\",\"query-input\":\"required name=search_term_string\"}],\"inLanguage\":\"es\"},{\"@type\":\"WebPage\",\"@id\":\"https:\/\/salidecambrils.cat\/es\/allotjaments-rurals-i-fondes\/#webpage\",\"url\":\"https:\/\/salidecambrils.cat\/es\/allotjaments-rurals-i-fondes\/\",\"name\":\"El Sal\\u00ed de Cambrils \\u00b7 Alojamientos y Restaurantes muy cerca del Sal\\u00ed\",\"isPartOf\":{\"@id\":\"http:\/\/salidecambrils.cat\/es\/#website\"},\"datePublished\":\"2021-01-22T12:18:59+00:00\",\"dateModified\":\"2022-06-23T10:53:23+00:00\",\"description\":\"El Sal\\u00ed de Cambrils \\u00b7 Alojamientos, Fondas y Restaurantes \\u00b7 Muy cerca del Sal\\u00ed est\\u00e1n disponibles varias opciones para alojarse y comer.\",\"breadcrumb\":{\"@id\":\"https:\/\/salidecambrils.cat\/es\/allotjaments-rurals-i-fondes\/#breadcrumb\"},\"inLanguage\":\"es\",\"potentialAction\":[{\"@type\":\"ReadAction\",\"target\":[\"https:\/\/salidecambrils.cat\/es\/allotjaments-rurals-i-fondes\/\"]}]},{\"@type\":\"BreadcrumbList\",\"@id\":\"https:\/\/salidecambrils.cat\/es\/allotjaments-rurals-i-fondes\/#breadcrumb\",\"itemListElement\":[{\"@type\":\"ListItem\",\"position\":1,\"item\":{\"@type\":\"WebPage\",\"@id\":\"http:\/\/salidecambrils.cat\/es\/\",\"url\":\"http:\/\/salidecambrils.cat\/es\/\",\"name\":\"Portada\"}},{\"@type\":\"ListItem\",\"position\":2,\"item\":{\"@type\":\"WebPage\",\"@id\":\"https:\/\/salidecambrils.cat\/es\/allotjaments-rurals-i-fondes\/\",\"url\":\"https:\/\/salidecambrils.cat\/es\/allotjaments-rurals-i-fondes\/\",\"name\":\"Alojamientos, Fondas y Restaurantes\"}}]}]}<\/script>\n<!-- \/ Yoast SEO plugin. -->","_links":{"self":[{"href":"https:\/\/salidecambrils.cat\/es\/wp-json\/wp\/v2\/pages\/1194","targetHints":{"allow":["GET"]}}],"collection":[{"href":"https:\/\/salidecambrils.cat\/es\/wp-json\/wp\/v2\/pages"}],"about":[{"href":"https:\/\/salidecambrils.cat\/es\/wp-json\/wp\/v2\/types\/page"}],"author":[{"embeddable":true,"href":"https:\/\/salidecambrils.cat\/es\/wp-json\/wp\/v2\/users\/1"}],"replies":[{"embeddable":true,"href":"https:\/\/salidecambrils.cat\/es\/wp-json\/wp\/v2\/comments?post=1194"}],"version-history":[{"count":8,"href":"https:\/\/salidecambrils.cat\/es\/wp-json\/wp\/v2\/pages\/1194\/revisions"}],"predecessor-version":[{"id":1809,"href":"https:\/\/salidecambrils.cat\/es\/wp-json\/wp\/v2\/pages\/1194\/revisions\/1809"}],"wp:attachment":[{"href":"https:\/\/salidecambrils.cat\/es\/wp-json\/wp\/v2\/media?parent=1194"}],"curies":[{"name":"wp","href":"https:\/\/api.w.org\/{rel}","templated":true}]}}