{"id":1328,"date":"2021-01-22T14:33:46","date_gmt":"2021-01-22T14:33:46","guid":{"rendered":"http:\/\/salidecambrils.cat\/banys-terapeutics-i-aigua-salada\/"},"modified":"2025-05-08T11:48:56","modified_gmt":"2025-05-08T11:48:56","slug":"banys-terapeutics-i-aigua-salada","status":"publish","type":"page","link":"https:\/\/salidecambrils.cat\/es\/banys-terapeutics-i-aigua-salada\/","title":{"rendered":"Ba\u00f1os Terap\u00e9uticos y Agua Salada"},"content":{"rendered":"<div class=\"section-full-width section-light2\" style=\"background-color:#f7f7f7;\" id=\"sal\u00eddecambrils\"><div class=\"section-boxed\" style=\"color:#777777;\"><h2 class=\"section-title\" style=\"color:#252525;\">Sal\u00ed de Cambrils<\/h2><\/p>\n<h5 style=\"text-align: center;\">La alta concentraci\u00f3n salina de las aguas del Sal\u00ed que alcanza los 300 g de sal por cada litro de agua, se parece a la concentraci\u00f3n existente en el c\u00e9lebre Mar Muerto de Jordania, que es el lago m\u00e1s salino de todo el mundo con unos 350 g. de sal por litro de agua. Y para que tu cuerpo pueda beneficiarse de sus poderosas cualidades terap\u00e9uticas la puedes dusfrutar todo el a\u00f1o gracias a una cubierta de policarbonato que mantiene la temperatura exterior y calienta el agua , aunque llueva tambien te puedes ba\u00f1ar . Este agua tiene propiedades desintoxicantes y remineralizantes, en el complejo ponemos a tu disposici\u00f3n una piscina donde podr\u00e1s ba\u00f1arte y aliviar tanto tensiones como dolores musculares y articulares. El complejo dispone de vestidores y duchas de agua caliente para despu\u00e9s del ba\u00f1o salado. Es necesario traer traje de ba\u00f1o , toalla \u00a0y chanclas para caminar alrededor de la piscina y el solarium. No es necesario el gorro de ba\u00f1o .Los numerosos beneficios curativos de ba\u00f1arse en estas aguas naturales suponen un tratamiento termal natural para problemas tan comunes como:<\/h5>\n<h5><\/h5>\n<div class=\"services-wrapper services-icon cols-wrapper cols-3 pexeto-parallax\"><div class=\"services-box col\"><div class=\"img-container\"><img decoding=\"async\" src=\"http:\/\/salidecambrils.cat\/wp-content\/uploads\/2021\/03\/icones_salidecambrils-17-130x130-1-130x130.png\" alt=\"Acne:\"\/><\/div><div class=\"services-content\"><div class=\"sc-wraper\"><h3>Acne:<\/h3><p>Antis\u00e9ptico, desinflamatorio y bactericida.<\/p><\/div><\/div><\/div><div class=\"services-box col\"><div class=\"img-container\"><img decoding=\"async\" src=\"http:\/\/salidecambrils.cat\/wp-content\/uploads\/2021\/03\/icones_salidecambrils-17-130x130-1-130x130.png\" alt=\"Congesti\u00f3n nasal y de los bronquios:\"\/><\/div><div class=\"services-content\"><div class=\"sc-wraper\"><h3>Congesti\u00f3n nasal y de los bronquios:<\/h3><p>Asma, aclara las v\u00edas respiratorias de mucosidad.<\/p><\/div><\/div><\/div><div class=\"services-box col nomargin\"><div class=\"img-container\"><img decoding=\"async\" src=\"http:\/\/salidecambrils.cat\/wp-content\/uploads\/2021\/03\/icones_salidecambrils-17-130x130-1-130x130.png\" alt=\"Alergias respiratorias:\"\/><\/div><div class=\"services-content\"><div class=\"sc-wraper\"><h3>Alergias respiratorias:<\/h3><p>Antial\u00e9rgico, reductor del asma, desinflamatorio.<\/p><\/div><\/div><\/div><div class=\"services-box col\"><div class=\"img-container\"><img decoding=\"async\" src=\"http:\/\/salidecambrils.cat\/wp-content\/uploads\/2021\/03\/icones_salidecambrils-17-130x130-1-130x130.png\" alt=\"Huesos\"\/><\/div><div class=\"services-content\"><div class=\"sc-wraper\"><h3>Huesos<\/h3><p>Reumatismo, artritis, osteartritis, bursitis.<\/p><\/div><\/div><\/div><div class=\"services-box col\"><div class=\"img-container\"><img decoding=\"async\" src=\"http:\/\/salidecambrils.cat\/wp-content\/uploads\/2021\/03\/icones_salidecambrils-17-130x130-1-130x130.png\" alt=\"Circulaci\u00f3n sangu\u00ednea:\"\/><\/div><div class=\"services-content\"><div class=\"sc-wraper\"><h3>Circulaci\u00f3n sangu\u00ednea:<\/h3><p>Analg\u00e9sico, desinflamatorio, relajante, activa la circulaci\u00f3n sangu\u00ednea, desintoxicante.<\/p><\/div><\/div><\/div><div class=\"services-box col nomargin\"><div class=\"img-container\"><img decoding=\"async\" src=\"http:\/\/salidecambrils.cat\/wp-content\/uploads\/2021\/03\/icones_salidecambrils-17-130x130-1-130x130.png\" alt=\"Celulitis:\"\/><\/div><div class=\"services-content\"><div class=\"sc-wraper\"><h3>Celulitis:<\/h3><p>Rompe los dep\u00f3sitos de toxinas y grasas en las capas m\u00e1s internas de la piel, acci\u00f3n diur\u00e9tica y desintoxicante.<\/p><\/div><\/div><\/div><div class=\"services-box col\"><div class=\"img-container\"><img decoding=\"async\" src=\"http:\/\/salidecambrils.cat\/wp-content\/uploads\/2021\/03\/icones_salidecambrils-17-130x130-1-130x130.png\" alt=\"Dermatitis:\"\/><\/div><div class=\"services-content\"><div class=\"sc-wraper\"><h3>Dermatitis:<\/h3><p>Restauran el balance de la piel, regenerando desde sus capas internas, adem\u00e1s de ser antial\u00e9rgico, desinflamatorio y regenerador.<\/p><\/div><\/div><\/div><div class=\"services-box col\"><div class=\"img-container\"><img decoding=\"async\" src=\"http:\/\/salidecambrils.cat\/wp-content\/uploads\/2021\/03\/icones_salidecambrils-17-130x130-1-130x130.png\" alt=\"Eczema:\"\/><\/div><div class=\"services-content\"><div class=\"sc-wraper\"><h3>Eczema:<\/h3><p>Restauran el balance de la piel, regenerando desde sus capas internas.<\/p><\/div><\/div><\/div><div class=\"services-box col nomargin\"><div class=\"img-container\"><img decoding=\"async\" src=\"http:\/\/salidecambrils.cat\/wp-content\/uploads\/2021\/03\/icones_salidecambrils-17-130x130-1-130x130.png\" alt=\"Estr\u00e9s:\"\/><\/div><div class=\"services-content\"><div class=\"sc-wraper\"><h3>Estr\u00e9s:<\/h3><p>Estimula la relajaci\u00f3n, calma, promueve la eliminaci\u00f3n de toxinas.<\/p><\/div><\/div><\/div><div class=\"services-box col\"><div class=\"img-container\"><img decoding=\"async\" src=\"http:\/\/salidecambrils.cat\/wp-content\/uploads\/2021\/03\/icones_salidecambrils-17-130x130-1-130x130.png\" alt=\"Insomnio:\"\/><\/div><div class=\"services-content\"><div class=\"sc-wraper\"><h3>Insomnio:<\/h3><p>Calmante, tranquilizante, relajante.<\/p><\/div><\/div><\/div><div class=\"services-box col\"><div class=\"img-container\"><img decoding=\"async\" src=\"http:\/\/salidecambrils.cat\/wp-content\/uploads\/2021\/03\/icones_salidecambrils-17-130x130-1-130x130.png\" alt=\"P\u00e9rdida de cabello:\"\/><\/div><div class=\"services-content\"><div class=\"sc-wraper\"><h3>P\u00e9rdida de cabello:<\/h3><p>Activa la circulaci\u00f3n sangu\u00ednea, estimula el crecimiento de fol\u00edculo piloso.<\/p><\/div><\/div><\/div><div class=\"services-box col nomargin\"><div class=\"img-container\"><img decoding=\"async\" src=\"http:\/\/salidecambrils.cat\/wp-content\/uploads\/2021\/03\/icones_salidecambrils-17-130x130-1-130x130.png\" alt=\"Piel envejecida o reseca:\"\/><\/div><div class=\"services-content\"><div class=\"sc-wraper\"><h3>Piel envejecida o reseca:<\/h3><p>Humecta, suaviza y desintoxica la piel d\u00e1ndole un aspecto rejuvenecido y saludable.<\/p><\/div><\/div><\/div><div class=\"services-box col\"><div class=\"img-container\"><img decoding=\"async\" src=\"http:\/\/salidecambrils.cat\/wp-content\/uploads\/2021\/03\/icones_salidecambrils-17-130x130-1-130x130.png\" alt=\"Retenci\u00f3n de l\u00edquidos:\"\/><\/div><div class=\"services-content\"><div class=\"sc-wraper\"><h3>Retenci\u00f3n de l\u00edquidos:<\/h3><p>Tiene acci\u00f3n diur\u00e9tica.<\/p><\/div><\/div><\/div><div class=\"services-box col\"><div class=\"img-container\"><img decoding=\"async\" src=\"http:\/\/salidecambrils.cat\/wp-content\/uploads\/2021\/03\/icones_salidecambrils-17-130x130-1-130x130.png\" alt=\"Psoriasis:\"\/><\/div><div class=\"services-content\"><div class=\"sc-wraper\"><h3>Psoriasis:<\/h3><p>Antial\u00e9rgico, regenerador, desinflamatorio.<\/p><\/div><\/div><\/div><div class=\"services-box col nomargin\"><div class=\"img-container\"><img decoding=\"async\" src=\"http:\/\/salidecambrils.cat\/wp-content\/uploads\/2021\/03\/icones_salidecambrils-17-130x130-1-130x130.png\" alt=\"Seborrea:\"\/><\/div><div class=\"services-content\"><div class=\"sc-wraper\"><h3>Seborrea:<\/h3><p>Humecta, regula la producci\u00f3n de grasa.<\/p><\/div><\/div><\/div><div class=\"clear\"><\/div><\/div>\n<p>&nbsp;<\/p>\n<p style=\"margin-top: 5em !important; text-align:center !important;\">\n<a href=\"https:\/\/fareharbor.com\/embeds\/book\/salidecambrils\/?full-items=yes\" style=\"font-size:1.3em !important; font-weight: 400 !important; text-decoration:none !important; margin-bottom: 2em !important;letter-spacing: .7px !important; box-shadow:none !important; padding: .2em 2em !important;\" class=\"fh-button-true-flat-grey fh-color--white\">RESERVA AHORA<\/a><\/p>\n<p>\n<\/div><\/div>\n<div class=\"services-wrapper services-boxed-photo cols-wrapper cols-4 pexeto-parallax\"><div class=\"services-box col services-no-content\"><div class=\"img-container\"><img decoding=\"async\" src=\"http:\/\/salidecambrils.cat\/wp-content\/uploads\/2023\/07\/IMG-20230701-WA0056-268x179.jpg\" alt=\"\"\/><\/div><div class=\"services-content\"><div class=\"sc-wraper\"><\/div><\/div><\/div><div class=\"services-box col services-no-content\"><div class=\"img-container\"><img decoding=\"async\" src=\"http:\/\/salidecambrils.cat\/wp-content\/uploads\/2023\/07\/1688116062040-scaled-268x179.jpg\" alt=\"\"\/><\/div><div class=\"services-content\"><div class=\"sc-wraper\"><\/div><\/div><\/div><div class=\"services-box col services-no-content\"><div class=\"img-container\"><img decoding=\"async\" src=\"http:\/\/salidecambrils.cat\/wp-content\/uploads\/2023\/07\/1680423161122-scaled-268x179.jpg\" alt=\"\"\/><\/div><div class=\"services-content\"><div class=\"sc-wraper\"><\/div><\/div><\/div><div class=\"services-box col nomargin services-no-content\"><div class=\"img-container\"><img decoding=\"async\" src=\"http:\/\/salidecambrils.cat\/wp-content\/uploads\/2023\/07\/1682172898868-268x179.jpg\" alt=\"\"\/><\/div><div class=\"services-content\"><div class=\"sc-wraper\"><\/div><\/div><\/div><div class=\"clear\"><\/div><\/div>\n","protected":false},"excerpt":{"rendered":"","protected":false},"author":1,"featured_media":0,"parent":0,"menu_order":0,"comment_status":"open","ping_status":"closed","template":"template-full-custom.php","meta":{"footnotes":""},"class_list":["post-1328","page","type-page","status-publish","hentry"],"yoast_head":"<!-- This site is optimized with the Yoast SEO plugin v16.0 - https:\/\/yoast.com\/wordpress\/plugins\/seo\/ -->\n<title>El Sal\u00ed de Cambrils \u00b7 Ba\u00f1os Terap\u00e9uticos y Agua Salada<\/title>\n<meta name=\"description\" content=\"El Sal\u00ed de Cambrils \u00b7 Ba\u00f1os Terap\u00e9uticos y Agua Salada \u00b7 Tu escapada de fin de semana perfecto en pareja, grupos o familia.\" \/>\n<link rel=\"canonical\" href=\"https:\/\/salidecambrils.cat\/es\/banys-terapeutics-i-aigua-salada\/\" \/>\n<meta property=\"og:locale\" content=\"es_ES\" \/>\n<meta property=\"og:type\" content=\"article\" \/>\n<meta property=\"og:title\" content=\"El Sal\u00ed de Cambrils \u00b7 Ba\u00f1os Terap\u00e9uticos y Agua Salada\" \/>\n<meta property=\"og:description\" content=\"El Sal\u00ed de Cambrils \u00b7 Ba\u00f1os Terap\u00e9uticos y Agua Salada \u00b7 Tu escapada de fin de semana perfecto en pareja, grupos o familia.\" \/>\n<meta property=\"og:url\" content=\"https:\/\/salidecambrils.cat\/es\/banys-terapeutics-i-aigua-salada\/\" \/>\n<meta property=\"og:site_name\" content=\"El Sal\u00ed de Cambrils \u00b7 Banya&#039;t amb l&#039;energia dels Pirineus\" \/>\n<meta property=\"article:modified_time\" content=\"2025-05-08T11:48:56+00:00\" \/>\n<meta name=\"twitter:card\" content=\"summary_large_image\" \/>\n<meta name=\"twitter:label1\" content=\"Tiempo de lectura\">\n\t<meta name=\"twitter:data1\" content=\"1 minuto\">\n<script type=\"application\/ld+json\" class=\"yoast-schema-graph\">{\"@context\":\"https:\/\/schema.org\",\"@graph\":[{\"@type\":\"WebSite\",\"@id\":\"http:\/\/salidecambrils.cat\/es\/#website\",\"url\":\"http:\/\/salidecambrils.cat\/es\/\",\"name\":\"El Sal\\u00ed de Cambrils \\u00b7 Banya&#039;t amb l&#039;energia dels Pirineus\",\"description\":\"La teva escapada de cap de setmana perfecte, en fam\\u00edlia, amb amics o en parella.\",\"potentialAction\":[{\"@type\":\"SearchAction\",\"target\":\"http:\/\/salidecambrils.cat\/es\/?s={search_term_string}\",\"query-input\":\"required name=search_term_string\"}],\"inLanguage\":\"es\"},{\"@type\":\"WebPage\",\"@id\":\"https:\/\/salidecambrils.cat\/es\/banys-terapeutics-i-aigua-salada\/#webpage\",\"url\":\"https:\/\/salidecambrils.cat\/es\/banys-terapeutics-i-aigua-salada\/\",\"name\":\"El Sal\\u00ed de Cambrils \\u00b7 Ba\\u00f1os Terap\\u00e9uticos y Agua Salada\",\"isPartOf\":{\"@id\":\"http:\/\/salidecambrils.cat\/es\/#website\"},\"datePublished\":\"2021-01-22T14:33:46+00:00\",\"dateModified\":\"2025-05-08T11:48:56+00:00\",\"description\":\"El Sal\\u00ed de Cambrils \\u00b7 Ba\\u00f1os Terap\\u00e9uticos y Agua Salada \\u00b7 Tu escapada de fin de semana perfecto en pareja, grupos o familia.\",\"breadcrumb\":{\"@id\":\"https:\/\/salidecambrils.cat\/es\/banys-terapeutics-i-aigua-salada\/#breadcrumb\"},\"inLanguage\":\"es\",\"potentialAction\":[{\"@type\":\"ReadAction\",\"target\":[\"https:\/\/salidecambrils.cat\/es\/banys-terapeutics-i-aigua-salada\/\"]}]},{\"@type\":\"BreadcrumbList\",\"@id\":\"https:\/\/salidecambrils.cat\/es\/banys-terapeutics-i-aigua-salada\/#breadcrumb\",\"itemListElement\":[{\"@type\":\"ListItem\",\"position\":1,\"item\":{\"@type\":\"WebPage\",\"@id\":\"http:\/\/salidecambrils.cat\/es\/\",\"url\":\"http:\/\/salidecambrils.cat\/es\/\",\"name\":\"Portada\"}},{\"@type\":\"ListItem\",\"position\":2,\"item\":{\"@type\":\"WebPage\",\"@id\":\"https:\/\/salidecambrils.cat\/es\/banys-terapeutics-i-aigua-salada\/\",\"url\":\"https:\/\/salidecambrils.cat\/es\/banys-terapeutics-i-aigua-salada\/\",\"name\":\"Ba\\u00f1os Terap\\u00e9uticos y Agua Salada\"}}]}]}<\/script>\n<!-- \/ Yoast SEO plugin. -->","_links":{"self":[{"href":"https:\/\/salidecambrils.cat\/es\/wp-json\/wp\/v2\/pages\/1328","targetHints":{"allow":["GET"]}}],"collection":[{"href":"https:\/\/salidecambrils.cat\/es\/wp-json\/wp\/v2\/pages"}],"about":[{"href":"https:\/\/salidecambrils.cat\/es\/wp-json\/wp\/v2\/types\/page"}],"author":[{"embeddable":true,"href":"https:\/\/salidecambrils.cat\/es\/wp-json\/wp\/v2\/users\/1"}],"replies":[{"embeddable":true,"href":"https:\/\/salidecambrils.cat\/es\/wp-json\/wp\/v2\/comments?post=1328"}],"version-history":[{"count":12,"href":"https:\/\/salidecambrils.cat\/es\/wp-json\/wp\/v2\/pages\/1328\/revisions"}],"predecessor-version":[{"id":2278,"href":"https:\/\/salidecambrils.cat\/es\/wp-json\/wp\/v2\/pages\/1328\/revisions\/2278"}],"wp:attachment":[{"href":"https:\/\/salidecambrils.cat\/es\/wp-json\/wp\/v2\/media?parent=1328"}],"curies":[{"name":"wp","href":"https:\/\/api.w.org\/{rel}","templated":true}]}}