{"id":1435,"date":"2022-07-25T09:01:12","date_gmt":"2022-07-25T09:01:12","guid":{"rendered":"http:\/\/salidecambrils.cat\/?page_id=1435"},"modified":"2022-07-25T09:01:12","modified_gmt":"2022-07-25T09:01:12","slug":"escolares-y-grupos","status":"publish","type":"page","link":"https:\/\/salidecambrils.cat\/es\/escolares-y-grupos\/","title":{"rendered":"Escolares y Grupos"},"content":{"rendered":"<div class=\"section-full-width section-light2\" style=\"background-color:#fcfcfc;\" id=\"sal\u00eddecambrils\"><div class=\"section-boxed\" style=\"color:#777777;\"><h2 class=\"section-title\" style=\"color:#252525;\">Sal\u00ed de Cambrils<\/h2><h4 style=\"color:#252525;\" class=\"sub-title\">Escolares y Grupos<\/h4><\/p>\n<h5 style=\"text-align: center;\">En las salinas de cambrils estamos especializados en visitas para grupos organizados y grupos escolares. Nos adaptamos a todos los p\u00fablicos con un conjunto de propuestas concretas, teniendo en cuenta las necesidades de cada demanda. Disfrutar es el denominador com\u00fan de toas las propuestas , sin descuidar el rigor por la transmisi\u00f2n \u00a0de conocimientos. Podemos organizar actividades para grupos de hasta 80 personas, qualquier d\u00eda de la semana. Consulta a continuaci\u00f3n los cat\u00e1logos y tarifas para escolares o para grupos organizados.<\/h5>\n<p>\n<\/div><\/div>\n<div class=\"services-wrapper services-fullbox cols-wrapper cols-2\" style=\"background-color:#1A3954;color:#ffffff;\"><div class=\"services-box col services-no-image\"><div class=\"services-content\"><div class=\"sc-wraper\"><p>Todas las actividades que se llevar\u00e1n a cabo en este centro parten de una experiencia \u00fanica en un marco natural y cultural incomparable. No en vano, todos los visitantes tendr\u00e1n la oportunidad de conectar con la naturaleza y la historia geol\u00f3gica y social de esta comarca a trav\u00e9s del Patrimonio restaurado del Sal\u00ed. <\/p><\/div><\/div><\/div><div class=\"services-box col nomargin services-no-image\"><div class=\"services-content\"><div class=\"sc-wraper\"><p>Un trabajo realizado con cari\u00f1o y rigor hist\u00f3rico, para que sirva de gu\u00eda did\u00e1ctica en un paseo que despertar\u00e1 la inquietud necesaria para convertir cada observaci\u00f3n en una lecci\u00f3n.<\/p><\/div><\/div><\/div><div class=\"clear\"><\/div><\/div>\n<p>&nbsp;<\/p>\n<div class=\"services-wrapper services-icon cols-wrapper cols-2 pexeto-parallax\"><div class=\"services-box col\"><a href=\"http:\/\/salidecambrils.cat\/wp-content\/uploads\/2022\/05\/dossier-escoles-2022.pdf\"><div class=\"img-container\"><img decoding=\"async\" src=\"http:\/\/salidecambrils.cat\/wp-content\/uploads\/2021\/03\/icones_escolarsigrups-24-130x130-1-130x130.png\" alt=\"Escolares \"\/><\/div><\/a><div class=\"services-content\"><div class=\"sc-wraper\"><h3><a href=\"http:\/\/salidecambrils.cat\/wp-content\/uploads\/2022\/05\/dossier-escoles-2022.pdf\">Escolares <\/a><\/h3><\/div><\/div><\/div><div class=\"services-box col nomargin\"><a href=\"http:\/\/salidecambrils.cat\/wp-content\/uploads\/2024\/06\/Tarifes-grups-bones-2024-25.pdf\"><div class=\"img-container\"><img decoding=\"async\" src=\"http:\/\/salidecambrils.cat\/wp-content\/uploads\/2021\/03\/icones_escolarsigrups-25-130x130-1-130x130.png\" alt=\"Grupos \"\/><\/div><\/a><div class=\"services-content\"><div class=\"sc-wraper\"><h3><a href=\"http:\/\/salidecambrils.cat\/wp-content\/uploads\/2024\/06\/Tarifes-grups-bones-2024-25.pdf\">Grupos <\/a><\/h3><\/div><\/div><\/div><div class=\"clear\"><\/div><\/div>\n<p>&nbsp;<\/p>\n<div class=\"services-wrapper services-boxed-photo cols-wrapper cols-3\"><div class=\"services-box col\"><div class=\"img-container\"><img decoding=\"async\" src=\"http:\/\/salidecambrils.cat\/wp-content\/uploads\/2021\/03\/escolarigrups_3.png\" alt=\"\"\/><\/div><div class=\"services-content\"><div class=\"sc-wraper\"><p>Si quieres preparar una visita al Sal\u00ed de Cambrils, env\u00edanos un correo electr\u00f3nico a infosalicambrils@gmail.com o ll\u00e1manos al 621244364<\/p><\/div><\/div><\/div><div class=\"services-box col\"><div class=\"img-container\"><img decoding=\"async\" src=\"http:\/\/salidecambrils.cat\/wp-content\/uploads\/2021\/03\/escolarigrups_2.png\" alt=\"\"\/><\/div><div class=\"services-content\"><div class=\"sc-wraper\"><p>Organizaremos contigo una excursi\u00f3n inolvidable, ofreci\u00e9ndote asistencia para resolver todas aquellas dudas que puedan surgir.<\/p><\/div><\/div><\/div><div class=\"services-box col nomargin\"><div class=\"img-container\"><img decoding=\"async\" src=\"http:\/\/salidecambrils.cat\/wp-content\/uploads\/2021\/03\/escolarigrups_1.png\" alt=\"\"\/><\/div><div class=\"services-content\"><div class=\"sc-wraper\"><p>Nos adaptamos a vuestras necesidades , de modo que pod\u00e9is proponer cambios sobre las propuestas que ofrecemos y as\u00ed conseguir la experiencia que busc\u00e1is.<\/p><\/div><\/div><\/div><div class=\"clear\"><\/div><\/div>\n","protected":false},"excerpt":{"rendered":"<p>&nbsp; &nbsp;<\/p>\n","protected":false},"author":2,"featured_media":0,"parent":0,"menu_order":0,"comment_status":"open","ping_status":"closed","template":"template-full-custom.php","meta":{"footnotes":""},"class_list":["post-1435","page","type-page","status-publish","hentry"],"yoast_head":"<!-- This site is optimized with the Yoast SEO plugin v16.0 - https:\/\/yoast.com\/wordpress\/plugins\/seo\/ -->\n<title>Escolares y Grupos \u00b7 El Sal\u00ed de Cambrils \u00b7 B\u00e1\u00f1ate con la energ\u00eda Pirineo<\/title>\n<meta name=\"description\" content=\"Escolares y Grupos \u00b7 El Sal\u00ed de Cambrils \u00b7 B\u00e1\u00f1ate con la energ\u00eda del Pirineo \u00b7 Informaci\u00f3n y Recomendaciones \u00b7 Horario \u00b7 Material Did\u00e1ctico\" \/>\n<link rel=\"canonical\" href=\"https:\/\/salidecambrils.cat\/es\/escolares-y-grupos\/\" \/>\n<meta property=\"og:locale\" content=\"es_ES\" \/>\n<meta property=\"og:type\" content=\"article\" \/>\n<meta property=\"og:title\" content=\"Escolares y Grupos \u00b7 El Sal\u00ed de Cambrils \u00b7 B\u00e1\u00f1ate con la energ\u00eda Pirineo\" \/>\n<meta property=\"og:description\" content=\"Escolares y Grupos \u00b7 El Sal\u00ed de Cambrils \u00b7 B\u00e1\u00f1ate con la energ\u00eda del Pirineo \u00b7 Informaci\u00f3n y Recomendaciones \u00b7 Horario \u00b7 Material Did\u00e1ctico\" \/>\n<meta property=\"og:url\" content=\"https:\/\/salidecambrils.cat\/es\/escolares-y-grupos\/\" \/>\n<meta property=\"og:site_name\" content=\"El Sal\u00ed de Cambrils \u00b7 Banya&#039;t amb l&#039;energia dels Pirineus\" \/>\n<meta name=\"twitter:card\" content=\"summary_large_image\" \/>\n<meta name=\"twitter:label1\" content=\"Tiempo de lectura\">\n\t<meta name=\"twitter:data1\" content=\"1 minuto\">\n<script type=\"application\/ld+json\" class=\"yoast-schema-graph\">{\"@context\":\"https:\/\/schema.org\",\"@graph\":[{\"@type\":\"WebSite\",\"@id\":\"http:\/\/salidecambrils.cat\/es\/#website\",\"url\":\"http:\/\/salidecambrils.cat\/es\/\",\"name\":\"El Sal\\u00ed de Cambrils \\u00b7 Banya&#039;t amb l&#039;energia dels Pirineus\",\"description\":\"La teva escapada de cap de setmana perfecte, en fam\\u00edlia, amb amics o en parella.\",\"potentialAction\":[{\"@type\":\"SearchAction\",\"target\":\"http:\/\/salidecambrils.cat\/es\/?s={search_term_string}\",\"query-input\":\"required name=search_term_string\"}],\"inLanguage\":\"es\"},{\"@type\":\"WebPage\",\"@id\":\"https:\/\/salidecambrils.cat\/es\/escolares-y-grupos\/#webpage\",\"url\":\"https:\/\/salidecambrils.cat\/es\/escolares-y-grupos\/\",\"name\":\"Escolares y Grupos \\u00b7 El Sal\\u00ed de Cambrils \\u00b7 B\\u00e1\\u00f1ate con la energ\\u00eda Pirineo\",\"isPartOf\":{\"@id\":\"http:\/\/salidecambrils.cat\/es\/#website\"},\"datePublished\":\"2022-07-25T09:01:12+00:00\",\"dateModified\":\"2022-07-25T09:01:12+00:00\",\"description\":\"Escolares y Grupos \\u00b7 El Sal\\u00ed de Cambrils \\u00b7 B\\u00e1\\u00f1ate con la energ\\u00eda del Pirineo \\u00b7 Informaci\\u00f3n y Recomendaciones \\u00b7 Horario \\u00b7 Material Did\\u00e1ctico\",\"breadcrumb\":{\"@id\":\"https:\/\/salidecambrils.cat\/es\/escolares-y-grupos\/#breadcrumb\"},\"inLanguage\":\"es\",\"potentialAction\":[{\"@type\":\"ReadAction\",\"target\":[\"https:\/\/salidecambrils.cat\/es\/escolares-y-grupos\/\"]}]},{\"@type\":\"BreadcrumbList\",\"@id\":\"https:\/\/salidecambrils.cat\/es\/escolares-y-grupos\/#breadcrumb\",\"itemListElement\":[{\"@type\":\"ListItem\",\"position\":1,\"item\":{\"@type\":\"WebPage\",\"@id\":\"http:\/\/salidecambrils.cat\/es\/\",\"url\":\"http:\/\/salidecambrils.cat\/es\/\",\"name\":\"Portada\"}},{\"@type\":\"ListItem\",\"position\":2,\"item\":{\"@type\":\"WebPage\",\"@id\":\"https:\/\/salidecambrils.cat\/es\/escolares-y-grupos\/\",\"url\":\"https:\/\/salidecambrils.cat\/es\/escolares-y-grupos\/\",\"name\":\"Escolares y Grupos\"}}]}]}<\/script>\n<!-- \/ Yoast SEO plugin. -->","_links":{"self":[{"href":"https:\/\/salidecambrils.cat\/es\/wp-json\/wp\/v2\/pages\/1435","targetHints":{"allow":["GET"]}}],"collection":[{"href":"https:\/\/salidecambrils.cat\/es\/wp-json\/wp\/v2\/pages"}],"about":[{"href":"https:\/\/salidecambrils.cat\/es\/wp-json\/wp\/v2\/types\/page"}],"author":[{"embeddable":true,"href":"https:\/\/salidecambrils.cat\/es\/wp-json\/wp\/v2\/users\/2"}],"replies":[{"embeddable":true,"href":"https:\/\/salidecambrils.cat\/es\/wp-json\/wp\/v2\/comments?post=1435"}],"version-history":[{"count":2,"href":"https:\/\/salidecambrils.cat\/es\/wp-json\/wp\/v2\/pages\/1435\/revisions"}],"predecessor-version":[{"id":1864,"href":"https:\/\/salidecambrils.cat\/es\/wp-json\/wp\/v2\/pages\/1435\/revisions\/1864"}],"wp:attachment":[{"href":"https:\/\/salidecambrils.cat\/es\/wp-json\/wp\/v2\/media?parent=1435"}],"curies":[{"name":"wp","href":"https:\/\/api.w.org\/{rel}","templated":true}]}}