{"id":1533,"date":"2022-07-18T08:52:34","date_gmt":"2022-07-18T08:52:34","guid":{"rendered":"http:\/\/salidecambrils.cat\/?page_id=1533"},"modified":"2022-07-18T08:52:34","modified_gmt":"2022-07-18T08:52:34","slug":"entorno","status":"publish","type":"page","link":"https:\/\/salidecambrils.cat\/es\/entorno\/","title":{"rendered":"Entorno"},"content":{"rendered":"<h1 style=\"text-align: center;\">Disfruta de nuestro entorno<\/h1>\n<p style=\"text-align: center;\">Gran parte del territorio d\u00f3nde actuamos forma parte de la reserva Nacional de Caza del Cad\u00ec-Moixer\u00f3.Hay que mencionar los espacios de inter\u00e9s natural : la Ribera Salada , la sierra de Od\u00e8n-Port del comte y la sierra de Turp. A escala europea , contamos con diferentes espacios incluidos en la red natural 2000, corresponden a zonas de protecci\u00f3n especial para las aves que habitan en ellas.<\/p>\n<div class=\"services-wrapper services-default cols-wrapper cols-2\"><div class=\"services-box col\"><div class=\"img-container\"><img decoding=\"async\" src=\"http:\/\/salidecambrils.cat\/wp-content\/uploads\/2021\/03\/download-1-569x379.jpg\" alt=\"Fauna \"\/><\/div><div class=\"services-content\"><div class=\"sc-wraper\"><h3>Fauna <\/h3><p>La capacidad de seducci\u00f3n del paisaje pirenaico , donde los colores grises de las monta\u00f1as combinan con el verde oscuro de los bosques de pino y encina , los sonidos de los halcones , la silueta del \u00e1guila dorada o el quebrantahuesos , proporcionan un marco ideal para gozar del contacto personal con la naturaleza. A nivel de fauna , cabe destacar la nidificaci\u00f3n de 113 especies en la zona.<\/p><\/div><\/div><\/div><div class=\"services-box col nomargin\"><div class=\"img-container\"><img decoding=\"async\" src=\"http:\/\/salidecambrils.cat\/wp-content\/uploads\/2021\/10\/images-569x379.jpeg\" alt=\"Flora \"\/><\/div><div class=\"services-content\"><div class=\"sc-wraper\"><h3>Flora <\/h3><p>El amplio intervalo altitudinal entre la Valldan (550 m) y el Pedr\u00f3 dels Quatre Batlles (2.382 m ) permite observar en este territorio , cerca del millar de especies y quatro pisos de vegetaci\u00f3n : piso basal , piso submontano y piso subalpino. En cuanto a la flora , podemos encontrar prados , bosques de pino negro , de pino rojo , matorrales de enebro , bojedales y muchas plantas aut\u00f3ctonas. En oto\u00f1o , destaca la gran variedad de setas.<\/p><\/div><\/div><\/div><div class=\"services-box col\"><div class=\"img-container\"><img decoding=\"async\" src=\"http:\/\/salidecambrils.cat\/wp-content\/uploads\/2022\/04\/YBFX9577-569x379.jpg\" alt=\"Geolog\u00eda\"\/><\/div><div class=\"services-content\"><div class=\"sc-wraper\"><h3>Geolog\u00eda<\/h3><p>Od\u00e8n cuenta con una situaci\u00f3n geogr\u00e1fica privilegiada , entre la depresi\u00f3n del Ebro y los Pirineos. Es un paisaje de transici\u00f2n entre el mediterr\u00e1neo y el mundo continental. Esta situaci\u00f3n otorga al municipio una gran diversidad que queda patente en la climatolog\u00eda , la fauna y la flora. Des de el mirador de Serra Seca (1234 m ) se puede ver una tercera parte del territorio catal\u00e1n.<\/p><\/div><\/div><\/div><div class=\"services-box col nomargin\"><div class=\"img-container\"><img decoding=\"async\" src=\"http:\/\/salidecambrils.cat\/wp-content\/uploads\/2021\/10\/castell-doden-070830_036-e1633784845659-569x379.jpg\" alt=\"Patrimonio cultural \"\/><\/div><div class=\"services-content\"><div class=\"sc-wraper\"><h3>Patrimonio cultural <\/h3><p>Ciertamente hablamos de una historia hecha de piedras , pero tambi\u00e9n de mujeres y hombres : campesinos , se\u00f1ores feudales , liberales, carlistas , contrabandistas , bandoleros y nuevos pobladores. Hablamos de m\u00e1s de 6000 a\u00f1os de historia , hechos de mas\u00edas y grutas habitadas , de castillos , isgl\u00e9sias , minas y salinas. De construcciones imponentes , dolorosos abandonos y rehabilitaciones recientes. <\/p><\/div><\/div><\/div><div class=\"services-box col nomargin\"><div class=\"img-container\"><img decoding=\"async\" src=\"http:\/\/salidecambrils.cat\/wp-content\/uploads\/2021\/03\/download-569x379.jpg\" alt=\"Leyendas\"\/><\/div><div class=\"services-content\"><div class=\"sc-wraper\"><h3>Leyendas<\/h3><p>Un lugar de brujas y de contrabando , d\u00f3nde a\u00fan residen mujeres sabias que pueden curar el dolor de un esquince o acercarte el amor mediante una poci\u00f3n. Dejaros llevar hacia el mundo de las mujeres de Humo y Agua.<\/p><\/div><\/div><\/div><div class=\"clear\"><\/div><\/div>\n<p>&nbsp;<\/p>\n<p>&nbsp;<\/p>\n<p>&nbsp;<\/p>\n","protected":false},"excerpt":{"rendered":"<p>Disfruta de nuestro entorno Gran parte del territorio d\u00f3nde actuamos forma parte de la reserva Nacional de Caza del Cad\u00ec-Moixer\u00f3.Hay [&hellip;]<\/p>\n","protected":false},"author":2,"featured_media":0,"parent":0,"menu_order":0,"comment_status":"open","ping_status":"closed","template":"template-full-custom.php","meta":{"footnotes":""},"class_list":["post-1533","page","type-page","status-publish","hentry"],"yoast_head":"<!-- This site is optimized with the Yoast SEO plugin v16.0 - https:\/\/yoast.com\/wordpress\/plugins\/seo\/ -->\n<title>Centro de Naturaleza Od\u00e8n \u00b7 Iniciativa de difusi\u00f3n y de ocio junto al Sal\u00ed<\/title>\n<meta name=\"description\" content=\"Centre de Natura \u00b7 Una iniciativa de difusi\u00f3n y de ocio complementaria junto al Sal\u00ed de Cambrils, en el municipio de Od\u00e8n.\" \/>\n<link rel=\"canonical\" href=\"https:\/\/salidecambrils.cat\/es\/entorno\/\" \/>\n<meta property=\"og:locale\" content=\"es_ES\" \/>\n<meta property=\"og:type\" content=\"article\" \/>\n<meta property=\"og:title\" content=\"Centro de Naturaleza Od\u00e8n \u00b7 Iniciativa de difusi\u00f3n y de ocio junto al Sal\u00ed\" \/>\n<meta property=\"og:description\" content=\"Centre de Natura \u00b7 Una iniciativa de difusi\u00f3n y de ocio complementaria junto al Sal\u00ed de Cambrils, en el municipio de Od\u00e8n.\" \/>\n<meta property=\"og:url\" content=\"https:\/\/salidecambrils.cat\/es\/entorno\/\" \/>\n<meta property=\"og:site_name\" content=\"El Sal\u00ed de Cambrils \u00b7 Banya&#039;t amb l&#039;energia dels Pirineus\" \/>\n<meta name=\"twitter:card\" content=\"summary_large_image\" \/>\n<meta name=\"twitter:label1\" content=\"Tiempo de lectura\">\n\t<meta name=\"twitter:data1\" content=\"1 minuto\">\n<script type=\"application\/ld+json\" class=\"yoast-schema-graph\">{\"@context\":\"https:\/\/schema.org\",\"@graph\":[{\"@type\":\"WebSite\",\"@id\":\"http:\/\/salidecambrils.cat\/es\/#website\",\"url\":\"http:\/\/salidecambrils.cat\/es\/\",\"name\":\"El Sal\\u00ed de Cambrils \\u00b7 Banya&#039;t amb l&#039;energia dels Pirineus\",\"description\":\"La teva escapada de cap de setmana perfecte, en fam\\u00edlia, amb amics o en parella.\",\"potentialAction\":[{\"@type\":\"SearchAction\",\"target\":\"http:\/\/salidecambrils.cat\/es\/?s={search_term_string}\",\"query-input\":\"required name=search_term_string\"}],\"inLanguage\":\"es\"},{\"@type\":\"WebPage\",\"@id\":\"https:\/\/salidecambrils.cat\/es\/entorno\/#webpage\",\"url\":\"https:\/\/salidecambrils.cat\/es\/entorno\/\",\"name\":\"Centro de Naturaleza Od\\u00e8n \\u00b7 Iniciativa de difusi\\u00f3n y de ocio junto al Sal\\u00ed\",\"isPartOf\":{\"@id\":\"http:\/\/salidecambrils.cat\/es\/#website\"},\"datePublished\":\"2022-07-18T08:52:34+00:00\",\"dateModified\":\"2022-07-18T08:52:34+00:00\",\"description\":\"Centre de Natura \\u00b7 Una iniciativa de difusi\\u00f3n y de ocio complementaria junto al Sal\\u00ed de Cambrils, en el municipio de Od\\u00e8n.\",\"breadcrumb\":{\"@id\":\"https:\/\/salidecambrils.cat\/es\/entorno\/#breadcrumb\"},\"inLanguage\":\"es\",\"potentialAction\":[{\"@type\":\"ReadAction\",\"target\":[\"https:\/\/salidecambrils.cat\/es\/entorno\/\"]}]},{\"@type\":\"BreadcrumbList\",\"@id\":\"https:\/\/salidecambrils.cat\/es\/entorno\/#breadcrumb\",\"itemListElement\":[{\"@type\":\"ListItem\",\"position\":1,\"item\":{\"@type\":\"WebPage\",\"@id\":\"http:\/\/salidecambrils.cat\/es\/\",\"url\":\"http:\/\/salidecambrils.cat\/es\/\",\"name\":\"Portada\"}},{\"@type\":\"ListItem\",\"position\":2,\"item\":{\"@type\":\"WebPage\",\"@id\":\"https:\/\/salidecambrils.cat\/es\/entorno\/\",\"url\":\"https:\/\/salidecambrils.cat\/es\/entorno\/\",\"name\":\"Entorno\"}}]}]}<\/script>\n<!-- \/ Yoast SEO plugin. -->","_links":{"self":[{"href":"https:\/\/salidecambrils.cat\/es\/wp-json\/wp\/v2\/pages\/1533","targetHints":{"allow":["GET"]}}],"collection":[{"href":"https:\/\/salidecambrils.cat\/es\/wp-json\/wp\/v2\/pages"}],"about":[{"href":"https:\/\/salidecambrils.cat\/es\/wp-json\/wp\/v2\/types\/page"}],"author":[{"embeddable":true,"href":"https:\/\/salidecambrils.cat\/es\/wp-json\/wp\/v2\/users\/2"}],"replies":[{"embeddable":true,"href":"https:\/\/salidecambrils.cat\/es\/wp-json\/wp\/v2\/comments?post=1533"}],"version-history":[{"count":3,"href":"https:\/\/salidecambrils.cat\/es\/wp-json\/wp\/v2\/pages\/1533\/revisions"}],"predecessor-version":[{"id":1841,"href":"https:\/\/salidecambrils.cat\/es\/wp-json\/wp\/v2\/pages\/1533\/revisions\/1841"}],"wp:attachment":[{"href":"https:\/\/salidecambrils.cat\/es\/wp-json\/wp\/v2\/media?parent=1533"}],"curies":[{"name":"wp","href":"https:\/\/api.w.org\/{rel}","templated":true}]}}