{"id":1762,"date":"2022-07-25T08:37:03","date_gmt":"2022-07-25T08:37:03","guid":{"rendered":"http:\/\/salidecambrils.cat\/?page_id=1762"},"modified":"2022-07-25T08:37:03","modified_gmt":"2022-07-25T08:37:03","slug":"punto-de-informacion","status":"publish","type":"page","link":"https:\/\/salidecambrils.cat\/es\/punto-de-informacion\/","title":{"rendered":"Punto de informaci\u00f3n"},"content":{"rendered":"<h4 style=\"text-align: center;\"><strong>Este 2022 el Sal\u00ed se ha convertido en punto de informaci\u00f3n tur\u00edstico de Od\u00e8n.<\/strong><\/h4>\n<p style=\"text-align: center;\">Estamos preparados para ofrecerte toda la informaci\u00f3n local y comarcal. Disponemos de mapas , gu\u00edas y te ayudamos a encontrar lo que buscas. Restaurantes , alojamientos, eventos , senderismo y puntos de inter\u00e9s.<\/p>\n<h4 style=\"text-align: center;\"><strong>Haz tu consulta presencial , telef\u00f3nica o telem\u00e1ticament.<\/strong><\/h4>\n<p style=\"text-align: center;\">infosalicambrils@gmail.com<\/p>\n<p style=\"text-align: center;\">621244364<\/p>\n<h4 style=\"text-align: center;\"><strong>Nuestro horario es:\u00a0<\/strong><\/h4>\n<p style=\"text-align: center;\">-De junio a septiembre cada d\u00eda de 10:00 a 19:00 h<\/p>\n<p style=\"text-align: center;\">-De octubre a diciembre todos los fines de semana de 10:00 a 17:00 h<\/p>\n<p style=\"text-align: center;\">-De marzo a abril todos los fines de semana de 10:00 a 17:00 h<\/p>\n<p style=\"text-align: center;\">-Enero y febrero cerrado<\/p>\n<div class=\"services-wrapper services-default cols-wrapper cols-2\"><div class=\"services-box col services-no-content\"><div class=\"img-container\"><img decoding=\"async\" src=\"http:\/\/salidecambrils.cat\/wp-content\/uploads\/2022\/05\/IMG_7395-scaled-569x379.jpeg\" alt=\"\"\/><\/div><div class=\"services-content\"><div class=\"sc-wraper\"><\/div><\/div><\/div><div class=\"services-box col nomargin services-no-content\"><div class=\"img-container\"><img decoding=\"async\" src=\"http:\/\/salidecambrils.cat\/wp-content\/uploads\/2022\/05\/i-569x379.png\" alt=\"\"\/><\/div><div class=\"services-content\"><div class=\"sc-wraper\"><\/div><\/div><\/div><div class=\"clear\"><\/div><\/div>\n","protected":false},"excerpt":{"rendered":"<p>Este 2022 el Sal\u00ed se ha convertido en punto de informaci\u00f3n tur\u00edstico de Od\u00e8n. Estamos preparados para ofrecerte toda la [&hellip;]<\/p>\n","protected":false},"author":2,"featured_media":0,"parent":0,"menu_order":0,"comment_status":"open","ping_status":"closed","template":"template-full-custom.php","meta":{"footnotes":""},"class_list":["post-1762","page","type-page","status-publish","hentry"],"yoast_head":"<!-- This site is optimized with the Yoast SEO plugin v16.0 - https:\/\/yoast.com\/wordpress\/plugins\/seo\/ -->\n<title>El Sal\u00ed de Cambirls \u00b7 Puntos de Interes \u00b7 B\u00e1\u00f1ate con la energ\u00eda del Pirineo<\/title>\n<meta name=\"description\" content=\"El Sal\u00ed de Cambirls \u00b7 Puntos de Interes \u00b7 B\u00e1\u00f1ate con la energ\u00eda del Pirineo \u00b7 Tu escapada de fin de semana perfecto.\" \/>\n<link rel=\"canonical\" href=\"https:\/\/salidecambrils.cat\/es\/punto-de-informacion\/\" \/>\n<meta property=\"og:locale\" content=\"es_ES\" \/>\n<meta property=\"og:type\" content=\"article\" \/>\n<meta property=\"og:title\" content=\"El Sal\u00ed de Cambirls \u00b7 Puntos de Interes \u00b7 B\u00e1\u00f1ate con la energ\u00eda del Pirineo\" \/>\n<meta property=\"og:description\" content=\"El Sal\u00ed de Cambirls \u00b7 Puntos de Interes \u00b7 B\u00e1\u00f1ate con la energ\u00eda del Pirineo \u00b7 Tu escapada de fin de semana perfecto.\" \/>\n<meta property=\"og:url\" content=\"https:\/\/salidecambrils.cat\/es\/punto-de-informacion\/\" \/>\n<meta property=\"og:site_name\" content=\"El Sal\u00ed de Cambrils \u00b7 Banya&#039;t amb l&#039;energia dels Pirineus\" \/>\n<meta name=\"twitter:card\" content=\"summary_large_image\" \/>\n<meta name=\"twitter:label1\" content=\"Tiempo de lectura\">\n\t<meta name=\"twitter:data1\" content=\"1 minuto\">\n<script type=\"application\/ld+json\" class=\"yoast-schema-graph\">{\"@context\":\"https:\/\/schema.org\",\"@graph\":[{\"@type\":\"WebSite\",\"@id\":\"http:\/\/salidecambrils.cat\/es\/#website\",\"url\":\"http:\/\/salidecambrils.cat\/es\/\",\"name\":\"El Sal\\u00ed de Cambrils \\u00b7 Banya&#039;t amb l&#039;energia dels Pirineus\",\"description\":\"La teva escapada de cap de setmana perfecte, en fam\\u00edlia, amb amics o en parella.\",\"potentialAction\":[{\"@type\":\"SearchAction\",\"target\":\"http:\/\/salidecambrils.cat\/es\/?s={search_term_string}\",\"query-input\":\"required name=search_term_string\"}],\"inLanguage\":\"es\"},{\"@type\":\"WebPage\",\"@id\":\"https:\/\/salidecambrils.cat\/es\/punto-de-informacion\/#webpage\",\"url\":\"https:\/\/salidecambrils.cat\/es\/punto-de-informacion\/\",\"name\":\"El Sal\\u00ed de Cambirls \\u00b7 Puntos de Interes \\u00b7 B\\u00e1\\u00f1ate con la energ\\u00eda del Pirineo\",\"isPartOf\":{\"@id\":\"http:\/\/salidecambrils.cat\/es\/#website\"},\"datePublished\":\"2022-07-25T08:37:03+00:00\",\"dateModified\":\"2022-07-25T08:37:03+00:00\",\"description\":\"El Sal\\u00ed de Cambirls \\u00b7 Puntos de Interes \\u00b7 B\\u00e1\\u00f1ate con la energ\\u00eda del Pirineo \\u00b7 Tu escapada de fin de semana perfecto.\",\"breadcrumb\":{\"@id\":\"https:\/\/salidecambrils.cat\/es\/punto-de-informacion\/#breadcrumb\"},\"inLanguage\":\"es\",\"potentialAction\":[{\"@type\":\"ReadAction\",\"target\":[\"https:\/\/salidecambrils.cat\/es\/punto-de-informacion\/\"]}]},{\"@type\":\"BreadcrumbList\",\"@id\":\"https:\/\/salidecambrils.cat\/es\/punto-de-informacion\/#breadcrumb\",\"itemListElement\":[{\"@type\":\"ListItem\",\"position\":1,\"item\":{\"@type\":\"WebPage\",\"@id\":\"http:\/\/salidecambrils.cat\/es\/\",\"url\":\"http:\/\/salidecambrils.cat\/es\/\",\"name\":\"Portada\"}},{\"@type\":\"ListItem\",\"position\":2,\"item\":{\"@type\":\"WebPage\",\"@id\":\"https:\/\/salidecambrils.cat\/es\/punto-de-informacion\/\",\"url\":\"https:\/\/salidecambrils.cat\/es\/punto-de-informacion\/\",\"name\":\"Punto de informaci\\u00f3n\"}}]}]}<\/script>\n<!-- \/ Yoast SEO plugin. -->","_links":{"self":[{"href":"https:\/\/salidecambrils.cat\/es\/wp-json\/wp\/v2\/pages\/1762","targetHints":{"allow":["GET"]}}],"collection":[{"href":"https:\/\/salidecambrils.cat\/es\/wp-json\/wp\/v2\/pages"}],"about":[{"href":"https:\/\/salidecambrils.cat\/es\/wp-json\/wp\/v2\/types\/page"}],"author":[{"embeddable":true,"href":"https:\/\/salidecambrils.cat\/es\/wp-json\/wp\/v2\/users\/2"}],"replies":[{"embeddable":true,"href":"https:\/\/salidecambrils.cat\/es\/wp-json\/wp\/v2\/comments?post=1762"}],"version-history":[{"count":1,"href":"https:\/\/salidecambrils.cat\/es\/wp-json\/wp\/v2\/pages\/1762\/revisions"}],"predecessor-version":[{"id":1860,"href":"https:\/\/salidecambrils.cat\/es\/wp-json\/wp\/v2\/pages\/1762\/revisions\/1860"}],"wp:attachment":[{"href":"https:\/\/salidecambrils.cat\/es\/wp-json\/wp\/v2\/media?parent=1762"}],"curies":[{"name":"wp","href":"https:\/\/api.w.org\/{rel}","templated":true}]}}